{"id":5494,"date":"2024-07-11T09:26:19","date_gmt":"2024-07-11T07:26:19","guid":{"rendered":"https:\/\/valgrai.eu\/?post_type=mec-events&#038;p=5494"},"modified":"2024-07-30T11:27:05","modified_gmt":"2024-07-30T09:27:05","slug":"iv-encuentro-umi-valgrai","status":"publish","type":"mec-events","link":"https:\/\/valgrai.eu\/en\/events\/iv-encuentro-umi-valgrai\/","title":{"rendered":"IV Encuentro UMI ValgrAI"},"content":{"rendered":"[vc_row type=&#8221;in_container&#8221; full_screen_row_position=&#8221;middle&#8221; column_margin=&#8221;default&#8221; column_direction=&#8221;default&#8221; column_direction_tablet=&#8221;default&#8221; column_direction_phone=&#8221;default&#8221; scene_position=&#8221;center&#8221; text_color=&#8221;dark&#8221; text_align=&#8221;left&#8221; row_border_radius=&#8221;none&#8221; row_border_radius_applies=&#8221;bg&#8221; overflow=&#8221;visible&#8221; overlay_strength=&#8221;0.3&#8243; gradient_direction=&#8221;left_to_right&#8221; shape_divider_position=&#8221;bottom&#8221; bg_image_animation=&#8221;none&#8221;][vc_column column_padding=&#8221;no-extra-padding&#8221; column_padding_tablet=&#8221;inherit&#8221; column_padding_phone=&#8221;inherit&#8221; column_padding_position=&#8221;all&#8221; column_element_direction_desktop=&#8221;default&#8221; column_element_spacing=&#8221;default&#8221; desktop_text_alignment=&#8221;default&#8221; tablet_text_alignment=&#8221;default&#8221; phone_text_alignment=&#8221;default&#8221; background_color_opacity=&#8221;1&#8243; background_hover_color_opacity=&#8221;1&#8243; column_backdrop_filter=&#8221;none&#8221; column_shadow=&#8221;none&#8221; column_border_radius=&#8221;none&#8221; column_link_target=&#8221;_self&#8221; column_position=&#8221;default&#8221; gradient_direction=&#8221;left_to_right&#8221; overlay_strength=&#8221;0.3&#8243; width=&#8221;1\/1&#8243; tablet_width_inherit=&#8221;default&#8221; animation_type=&#8221;default&#8221; bg_image_animation=&#8221;none&#8221; border_type=&#8221;simple&#8221; column_border_width=&#8221;none&#8221; column_border_style=&#8221;solid&#8221;][vc_column_text text_direction=&#8221;default&#8221;]Nos complace anunciar que el pr\u00f3ximo 18 y 19 de julio, la<strong> Universidad Polit\u00e8cnica de Val\u00e8ncia ser\u00e1 sede del <a href=\"https:\/\/valgrai.eu\/events\/iii-valgrai-scientific-council-forum-2024\/\">III ValgrAI Scientific Council Forum<\/a>.<\/strong> Dentro de este evento global de dos d\u00edas, podremos disfrutar del <strong>IV Encuentro UMI ValgrAI, un evento clave para profesionales y acad\u00e9micos en el campo de la Inteligencia Artificial<\/strong>. Este encuentro anual representa una oportunidad excepcional para que investigadores, estudiantes y expertos en tecnolog\u00eda compartan conocimientos, discutan innovaciones recientes y exploren futuras colaboraciones.<\/p>\n<p><img loading=\"lazy\" decoding=\"async\" class=\"aligncenter size-large wp-image-5517\" src=\"https:\/\/valgrai.eu\/wp-content\/uploads\/2024\/07\/4o-Encuentro-unidad-mixta-de-investigacion-de-VAlgrai-Presentacion-1-1024x576.jpg\" alt=\"\" width=\"1024\" height=\"576\" srcset=\"https:\/\/valgrai.eu\/wp-content\/uploads\/2024\/07\/4o-Encuentro-unidad-mixta-de-investigacion-de-VAlgrai-Presentacion-1-1024x576.jpg 1024w, https:\/\/valgrai.eu\/wp-content\/uploads\/2024\/07\/4o-Encuentro-unidad-mixta-de-investigacion-de-VAlgrai-Presentacion-1-300x169.jpg 300w, https:\/\/valgrai.eu\/wp-content\/uploads\/2024\/07\/4o-Encuentro-unidad-mixta-de-investigacion-de-VAlgrai-Presentacion-1-768x432.jpg 768w, https:\/\/valgrai.eu\/wp-content\/uploads\/2024\/07\/4o-Encuentro-unidad-mixta-de-investigacion-de-VAlgrai-Presentacion-1-1536x864.jpg 1536w, https:\/\/valgrai.eu\/wp-content\/uploads\/2024\/07\/4o-Encuentro-unidad-mixta-de-investigacion-de-VAlgrai-Presentacion-1-600x338.jpg 600w, https:\/\/valgrai.eu\/wp-content\/uploads\/2024\/07\/4o-Encuentro-unidad-mixta-de-investigacion-de-VAlgrai-Presentacion-1.jpg 1920w\" sizes=\"auto, (max-width: 1024px) 100vw, 1024px\" \/><\/p>\n<p>El encuentro se centrar\u00e1 en c\u00f3mo la colaboraci\u00f3n interdisciplinaria y el desarrollo conjunto pueden acelerar el progreso en inteligencia artificial y tecnolog\u00edas afines. Desde aplicaciones en salud hasta avances en \u00e9tica digital y regulaciones, el programa est\u00e1 dise\u00f1ado para abarcar los aspectos m\u00e1s cr\u00edticos y fascinantes de la IA contempor\u00e1nea.<\/p>\n<p>El <strong>\u00a0IV Encuentro UMI ValgrAI,<\/strong> cuya nueva edici\u00f3n formar\u00e1 parte del evento global del <strong><a href=\"https:\/\/valgrai.eu\/events\/iii-valgrai-scientific-council-forum-2024\/\">III ValgrAI Scientific Council Forum<\/a><\/strong>, es una plataforma para discutir investigaciones y desarrollos recientes, sino tambi\u00e9n un espacio para fomentar relaciones entre distintos actores del ecosistema de IA, desde acad\u00e9micos hasta profesionales de la industria. Ser\u00e1 una excelente ocasi\u00f3n para que los participantes ampl\u00eden su red de contactos y encuentren posibles colaboraciones que puedan llevar a innovaciones y proyectos futuros. Como parte del evento del d\u00eda anterior, este encuentro UMI tendr\u00e1 invitados e invitadas de honor: los miembros y miembras del Consejo Cient\u00edfico de ValgrAI. Contaremos con la presencia de <strong>Hiroaki Kitano, Carme Torras y Thomas Dietterich<\/strong>, ponentes de las tres keynotes que tendr\u00e1n lugar el d\u00eda 18 durante en el <a href=\"https:\/\/valgrai.eu\/events\/iii-valgrai-scientific-council-forum-2024\/\">III ValgrAI Scientific Council Forum<\/a> y con <strong>Ramon L\u00f3pez de M\u00e1ntaras (president of the Scientific Council), Marco Dorigo, Virginia Dignum, Yolanda Gil, and Georg Gottlob (online).<\/strong> Te invitamos a unirte a nosotros en este evento din\u00e1mico y enriquecedor. Es una cita obligada para quienes est\u00e1n a la vanguardia del campo de la inteligencia artificial y desean contribuir al desarrollo de tecnolog\u00edas que moldear\u00e1n nuestro futuro. Para registrarte y obtener m\u00e1s informaci\u00f3n, hazlo en el formulario que encontrar\u00e1s en la parte superior derecha de esta p\u00e1gina.<\/p>\n<h2>Agenda<\/h2>\n<ul>\n<li>11:00 &#8211; 11:10h | Bienvenida<\/li>\n<li>11:10 &#8211; 11:30 |\u00a0<i>Machine teaching for XAI\u00a0<\/i>&#8211;\u00a0<strong>C\u00e9sar Ferri<\/strong>\u00a0(Universitat Polit\u00e8cnica de Val\u00e8ncia)<\/li>\n<li>11:30 &#8211; 11:50h |\u00a0<i>An intelligent transport system for safe route recommendation<\/i>\u00a0&#8211;<strong>\u00a0Vicente R. Tom\u00e1s<\/strong>\u00a0(Universitat Jaume I de Castell\u00f3)<\/li>\n<li>11:50 &#8211; 12:10h |\u00a0<strong>Amparo Alcina\u00a0<\/strong>(Universitat Jaume I de Castell\u00f3)<\/li>\n<li>12:10 &#8211; 12:30h |\u00a0<i>Archetypal analysis: learning through extreme profiles<\/i>\u00a0&#8211;\u00a0<strong>Irene Epifanio<\/strong>\u00a0(Universitat Jaume I de Castell\u00f3)<\/li>\n<li>12:30 &#8211; 12:50h |\u00a0<i>AI-powered Brain-Machine Interfaces for Gait Assistance with Lower-Limb Exoskeleton\u00a0<\/i>&#8211;\u00a0<strong>Jos\u00e9 Mar\u00eda Azor\u00edn<\/strong>\u00a0(Universidad Miguel Hern\u00e1ndez de Elche)<\/li>\n<li>12:50 &#8211; 13:10 | <em>Understanding Large Language Models via Mechanistic Interpretability<\/em>\u00a0&#8211;\u00a0<strong>Juan Carlos Trujillo<\/strong>\u00a0(Universitat d&#8217;Alacant)<\/li>\n<li>13:10 &#8211; 13:30h | Networking<\/li>\n<\/ul>\n<p>&nbsp;<\/p>\n<h2>\u00bfPor qu\u00e9 asistir?<\/h2>\n<ul>\n<li><strong>Conexi\u00f3n directa con investigadores<\/strong>: Descubre de primera mano los avances m\u00e1s recientes en IA que nuestros investigadores tienen para ofrecer.<\/li>\n<li><strong>Networking de alto nivel<\/strong>: Interact\u00faa con l\u00edderes de la industria, expertos en tecnolog\u00eda y potenciales socios comerciales. En esta ocasi\u00f3n, contaremos adem\u00e1s con los miembros y miembras del Consejo cient\u00edfico de ValgrAI.<\/li>\n<li><strong>Oportunidades de colaboraci\u00f3n<\/strong>: Este a\u00f1o, extendemos una invitaci\u00f3n especial a empresas interesadas en explorar sinergias y aplicaciones pr\u00e1cticas de la IA en sus respectivos sectores<\/li>\n<\/ul>\n<p>&nbsp;<\/p>\n<h2>Con la colaboraci\u00f3n de&#8230;<\/h2>\n<p><img loading=\"lazy\" decoding=\"async\" class=\"size-full wp-image-5488 alignleft\" src=\"https:\/\/valgrai.eu\/wp-content\/uploads\/2024\/05\/lasnaves_logo_web-1.png\" alt=\"\" width=\"270\" height=\"150\" \/>[\/vc_column_text][\/vc_column][\/vc_row]\n","protected":false},"excerpt":{"rendered":"<p>\u00danete a nosotros en esta jornada y descubre c\u00f3mo la sinergia de personas, ideas, conocimiento y tecnolog\u00eda puede redefinir los l\u00edmites la Inteligencia Artificial.<\/p>\n","protected":false},"author":10,"featured_media":0,"comment_status":"closed","ping_status":"closed","template":"","tags":[],"mec_category":[1073],"mec_speaker":[],"class_list":{"0":"post-5494","1":"mec-events","2":"type-mec-events","3":"status-publish","5":"mec_category-umi"},"acf":[],"_links":{"self":[{"href":"https:\/\/valgrai.eu\/en\/wp-json\/wp\/v2\/mec-events\/5494","targetHints":{"allow":["GET"]}}],"collection":[{"href":"https:\/\/valgrai.eu\/en\/wp-json\/wp\/v2\/mec-events"}],"about":[{"href":"https:\/\/valgrai.eu\/en\/wp-json\/wp\/v2\/types\/mec-events"}],"author":[{"embeddable":true,"href":"https:\/\/valgrai.eu\/en\/wp-json\/wp\/v2\/users\/10"}],"replies":[{"embeddable":true,"href":"https:\/\/valgrai.eu\/en\/wp-json\/wp\/v2\/comments?post=5494"}],"wp:attachment":[{"href":"https:\/\/valgrai.eu\/en\/wp-json\/wp\/v2\/media?parent=5494"}],"wp:term":[{"taxonomy":"post_tag","embeddable":true,"href":"https:\/\/valgrai.eu\/en\/wp-json\/wp\/v2\/tags?post=5494"},{"taxonomy":"mec_category","embeddable":true,"href":"https:\/\/valgrai.eu\/en\/wp-json\/wp\/v2\/mec_category?post=5494"},{"taxonomy":"mec_speaker","embeddable":true,"href":"https:\/\/valgrai.eu\/en\/wp-json\/wp\/v2\/mec_speaker?post=5494"}],"curies":[{"name":"wp","href":"https:\/\/api.w.org\/{rel}","templated":true}]}}